{"id":182,"date":"2024-08-22T18:03:19","date_gmt":"2024-08-22T16:03:19","guid":{"rendered":"https:\/\/www.fermedesaulnays.fr\/?page_id=182"},"modified":"2024-09-24T10:22:31","modified_gmt":"2024-09-24T08:22:31","slug":"le-marche","status":"publish","type":"page","link":"https:\/\/www.fermedesaulnays.fr\/index.php\/le-marche\/","title":{"rendered":"Le March\u00e9"},"content":{"rendered":"\n<p class=\"has-text-align-center\" style=\"font-size:clamp(0.984rem, 0.984rem + ((1vw - 0.2rem) * 0.86), 1.5rem);\">Le March\u00e9 paysan ouvre ses portes chaque ann\u00e9e pendant la belle saison.<br>En vous rendant \u00e0 la ferme le jeudi soir, vous pourrez profiter des produits locaux, socialiser et profiter de l&rsquo;animation hebdomadaire.<\/p>\n\n\n\n<p class=\"has-text-align-center\" style=\"font-size:clamp(0.984rem, 0.984rem + ((1vw - 0.2rem) * 0.86), 1.5rem);\">Seront pr\u00e9sents des producteurs locaux qui font le c\u0153ur du march\u00e9 :<\/p>\n\n\n\n<div class=\"wp-block-columns is-layout-flex wp-container-core-columns-is-layout-28f84493 wp-block-columns-is-layout-flex\">\n<div class=\"wp-block-column is-layout-flow wp-block-column-is-layout-flow\">\n<figure class=\"wp-block-image aligncenter size-large is-resized --is-custom-photo\"><img loading=\"lazy\" decoding=\"async\" width=\"1024\" height=\"771\" src=\"https:\/\/www.fermedesaulnays.fr\/wp-content\/uploads\/2024\/09\/IMG_20240912_190208_HDR-1024x771.jpg\" alt=\"\" class=\"wp-image-266\" style=\"width:auto;height:300px\" srcset=\"https:\/\/www.fermedesaulnays.fr\/wp-content\/uploads\/2024\/09\/IMG_20240912_190208_HDR-1024x771.jpg 1024w, https:\/\/www.fermedesaulnays.fr\/wp-content\/uploads\/2024\/09\/IMG_20240912_190208_HDR-300x226.jpg 300w, https:\/\/www.fermedesaulnays.fr\/wp-content\/uploads\/2024\/09\/IMG_20240912_190208_HDR-768x578.jpg 768w, https:\/\/www.fermedesaulnays.fr\/wp-content\/uploads\/2024\/09\/IMG_20240912_190208_HDR-1536x1157.jpg 1536w, https:\/\/www.fermedesaulnays.fr\/wp-content\/uploads\/2024\/09\/IMG_20240912_190208_HDR-2048x1542.jpg 2048w\" sizes=\"auto, (max-width: 1024px) 100vw, 1024px\" \/><\/figure>\n<\/div>\n\n\n\n<div class=\"wp-block-column is-vertically-aligned-center is-layout-flow wp-block-column-is-layout-flow\">\n<p class=\"has-text-align-center has-large-font-size\">Dans les mara\u00eechers <strong>Eric et Katline<\/strong> alternent une semaine sur deux, proposant tous les deux des l\u00e9gumes de saisons, allant des blettes et salades du jour aux petits pois et carottes anciennes.<\/p>\n<\/div>\n<\/div>\n\n\n\n<hr class=\"wp-block-separator has-alpha-channel-opacity is-style-wide\"\/>\n\n\n\n<div class=\"wp-block-columns is-layout-flex wp-container-core-columns-is-layout-28f84493 wp-block-columns-is-layout-flex\">\n<div class=\"wp-block-column is-vertically-aligned-center is-layout-flow wp-block-column-is-layout-flow\">\n<p class=\"has-text-align-center has-large-font-size\">Christelle et Jer\u00f4me de la <strong>Ruche de la No\u00eb<\/strong> ont des miels de leur abeilles, et de ravissantes bougies.<\/p>\n<\/div>\n\n\n\n<div class=\"wp-block-column is-layout-flow wp-block-column-is-layout-flow\">\n<figure class=\"wp-block-image aligncenter size-large is-resized --is-custom-photo --tilt-right\"><img loading=\"lazy\" decoding=\"async\" width=\"1024\" height=\"771\" src=\"https:\/\/www.fermedesaulnays.fr\/wp-content\/uploads\/2024\/09\/IMG_20240912_190327_HDR-1024x771.jpg\" alt=\"\" class=\"wp-image-268\" style=\"width:auto;height:300px\" srcset=\"https:\/\/www.fermedesaulnays.fr\/wp-content\/uploads\/2024\/09\/IMG_20240912_190327_HDR-1024x771.jpg 1024w, https:\/\/www.fermedesaulnays.fr\/wp-content\/uploads\/2024\/09\/IMG_20240912_190327_HDR-300x226.jpg 300w, https:\/\/www.fermedesaulnays.fr\/wp-content\/uploads\/2024\/09\/IMG_20240912_190327_HDR-768x578.jpg 768w, https:\/\/www.fermedesaulnays.fr\/wp-content\/uploads\/2024\/09\/IMG_20240912_190327_HDR-1536x1157.jpg 1536w, https:\/\/www.fermedesaulnays.fr\/wp-content\/uploads\/2024\/09\/IMG_20240912_190327_HDR-2048x1542.jpg 2048w\" sizes=\"auto, (max-width: 1024px) 100vw, 1024px\" \/><\/figure>\n<\/div>\n<\/div>\n\n\n\n<hr class=\"wp-block-separator has-alpha-channel-opacity is-style-wide\"\/>\n\n\n\n<div class=\"wp-block-columns is-layout-flex wp-container-core-columns-is-layout-28f84493 wp-block-columns-is-layout-flex\">\n<div class=\"wp-block-column is-layout-flow wp-block-column-is-layout-flow\">\n<figure class=\"wp-block-image aligncenter size-large is-resized --is-custom-photo\"><img loading=\"lazy\" decoding=\"async\" width=\"1024\" height=\"771\" src=\"https:\/\/www.fermedesaulnays.fr\/wp-content\/uploads\/2024\/09\/IMG_20240912_191036_HDR-1024x771.jpg\" alt=\"\" class=\"wp-image-269\" style=\"width:auto;height:300px\" srcset=\"https:\/\/www.fermedesaulnays.fr\/wp-content\/uploads\/2024\/09\/IMG_20240912_191036_HDR-1024x771.jpg 1024w, https:\/\/www.fermedesaulnays.fr\/wp-content\/uploads\/2024\/09\/IMG_20240912_191036_HDR-300x226.jpg 300w, https:\/\/www.fermedesaulnays.fr\/wp-content\/uploads\/2024\/09\/IMG_20240912_191036_HDR-768x578.jpg 768w, https:\/\/www.fermedesaulnays.fr\/wp-content\/uploads\/2024\/09\/IMG_20240912_191036_HDR-1536x1157.jpg 1536w, https:\/\/www.fermedesaulnays.fr\/wp-content\/uploads\/2024\/09\/IMG_20240912_191036_HDR-2048x1542.jpg 2048w\" sizes=\"auto, (max-width: 1024px) 100vw, 1024px\" \/><\/figure>\n<\/div>\n\n\n\n<div class=\"wp-block-column is-vertically-aligned-center is-layout-flow wp-block-column-is-layout-flow\">\n<p class=\"has-text-align-center has-large-font-size\">L&rsquo;\u00e9tal des <strong>Cochonailles de Trivagou<\/strong> est rempli de charcuteries, saucisses et p\u00e2t\u00e9s maison, de quoi ravir tous les amateurs de viande.<\/p>\n<\/div>\n<\/div>\n\n\n\n<hr class=\"wp-block-separator has-alpha-channel-opacity is-style-wide\"\/>\n\n\n\n<div class=\"wp-block-columns is-layout-flex wp-container-core-columns-is-layout-28f84493 wp-block-columns-is-layout-flex\">\n<div class=\"wp-block-column is-vertically-aligned-center is-layout-flow wp-block-column-is-layout-flow\">\n<p class=\"has-text-align-center has-large-font-size\">Pour la base de tout bon repas ou petit creux, Leah du fournil du <strong>Tourne-sole<\/strong> fournit une multitudes de pains paysans pr\u00e9par\u00e9s avec soin dans son fournil.<\/p>\n<\/div>\n\n\n\n<div class=\"wp-block-column is-layout-flow wp-block-column-is-layout-flow\">\n<figure class=\"wp-block-image aligncenter size-large is-resized --is-custom-photo --tilt-right\"><img loading=\"lazy\" decoding=\"async\" width=\"771\" height=\"1024\" src=\"https:\/\/www.fermedesaulnays.fr\/wp-content\/uploads\/2024\/09\/IMG_20240912_191221_HDR-771x1024.jpg\" alt=\"\" class=\"wp-image-270\" style=\"width:auto;height:400px\" srcset=\"https:\/\/www.fermedesaulnays.fr\/wp-content\/uploads\/2024\/09\/IMG_20240912_191221_HDR-771x1024.jpg 771w, https:\/\/www.fermedesaulnays.fr\/wp-content\/uploads\/2024\/09\/IMG_20240912_191221_HDR-226x300.jpg 226w, https:\/\/www.fermedesaulnays.fr\/wp-content\/uploads\/2024\/09\/IMG_20240912_191221_HDR-768x1020.jpg 768w, https:\/\/www.fermedesaulnays.fr\/wp-content\/uploads\/2024\/09\/IMG_20240912_191221_HDR-1157x1536.jpg 1157w, https:\/\/www.fermedesaulnays.fr\/wp-content\/uploads\/2024\/09\/IMG_20240912_191221_HDR-1542x2048.jpg 1542w, https:\/\/www.fermedesaulnays.fr\/wp-content\/uploads\/2024\/09\/IMG_20240912_191221_HDR-scaled.jpg 1928w\" sizes=\"auto, (max-width: 771px) 100vw, 771px\" \/><\/figure>\n<\/div>\n<\/div>\n\n\n\n<hr class=\"wp-block-separator has-alpha-channel-opacity is-style-wide\"\/>\n\n\n\n<div class=\"wp-block-columns is-layout-flex wp-container-core-columns-is-layout-28f84493 wp-block-columns-is-layout-flex\">\n<div class=\"wp-block-column is-layout-flow wp-block-column-is-layout-flow\">\n<figure class=\"wp-block-image aligncenter size-large is-resized --is-custom-photo\"><img loading=\"lazy\" decoding=\"async\" width=\"771\" height=\"1024\" src=\"https:\/\/www.fermedesaulnays.fr\/wp-content\/uploads\/2024\/09\/IMG_20240912_190254_HDR-771x1024.jpg\" alt=\"\" class=\"wp-image-267\" style=\"width:auto;height:400px\" srcset=\"https:\/\/www.fermedesaulnays.fr\/wp-content\/uploads\/2024\/09\/IMG_20240912_190254_HDR-771x1024.jpg 771w, https:\/\/www.fermedesaulnays.fr\/wp-content\/uploads\/2024\/09\/IMG_20240912_190254_HDR-226x300.jpg 226w, https:\/\/www.fermedesaulnays.fr\/wp-content\/uploads\/2024\/09\/IMG_20240912_190254_HDR-768x1020.jpg 768w, https:\/\/www.fermedesaulnays.fr\/wp-content\/uploads\/2024\/09\/IMG_20240912_190254_HDR-1157x1536.jpg 1157w, https:\/\/www.fermedesaulnays.fr\/wp-content\/uploads\/2024\/09\/IMG_20240912_190254_HDR-1542x2048.jpg 1542w, https:\/\/www.fermedesaulnays.fr\/wp-content\/uploads\/2024\/09\/IMG_20240912_190254_HDR-scaled.jpg 1928w\" sizes=\"auto, (max-width: 771px) 100vw, 771px\" \/><\/figure>\n<\/div>\n\n\n\n<div class=\"wp-block-column is-vertically-aligned-center is-layout-flow wp-block-column-is-layout-flow\">\n<p class=\"has-text-align-center has-large-font-size\">Chez <strong>Sarrazen<\/strong>, on trouve des p\u00e2tes fra\u00eeches maison \u00e0 base de diverses farines et l\u00e9gumes, permettant de red\u00e9couvrir cet aliment comme une expression de saveurs et de textures in\u00e9dites.<\/p>\n<\/div>\n<\/div>\n\n\n\n<hr class=\"wp-block-separator has-alpha-channel-opacity is-style-wide\"\/>\n\n\n\n<div class=\"wp-block-columns is-layout-flex wp-container-core-columns-is-layout-28f84493 wp-block-columns-is-layout-flex\">\n<div class=\"wp-block-column is-vertically-aligned-center is-layout-flow wp-block-column-is-layout-flow\">\n<p class=\"has-text-align-center has-large-font-size\">A l&rsquo;\u00e9tal de la<strong> ferme<\/strong>, vous pourrez retrouver non seulement nos fromages et ceux de la <strong>ferme de la Salamandre<\/strong>, mais aussi notre lait et nos plats et p\u00e2t\u00e9s, ainsi que les confitures de Sabrina de l&rsquo;<strong>Envie des Champs.<\/strong><\/p>\n<\/div>\n\n\n\n<div class=\"wp-block-column is-layout-flow wp-block-column-is-layout-flow\">\n<figure class=\"wp-block-image aligncenter size-large is-resized --is-custom-photo --tilt-right\"><img loading=\"lazy\" decoding=\"async\" width=\"768\" height=\"1024\" src=\"https:\/\/www.fermedesaulnays.fr\/wp-content\/uploads\/2024\/07\/IMG_1817-768x1024.jpeg\" alt=\"\" class=\"wp-image-102\" style=\"width:auto;height:400px\" srcset=\"https:\/\/www.fermedesaulnays.fr\/wp-content\/uploads\/2024\/07\/IMG_1817-768x1024.jpeg 768w, https:\/\/www.fermedesaulnays.fr\/wp-content\/uploads\/2024\/07\/IMG_1817-225x300.jpeg 225w, https:\/\/www.fermedesaulnays.fr\/wp-content\/uploads\/2024\/07\/IMG_1817-1152x1536.jpeg 1152w, https:\/\/www.fermedesaulnays.fr\/wp-content\/uploads\/2024\/07\/IMG_1817.jpeg 1536w\" sizes=\"auto, (max-width: 768px) 100vw, 768px\" \/><\/figure>\n<\/div>\n<\/div>\n\n\n\n<hr class=\"wp-block-separator has-alpha-channel-opacity is-style-wide\"\/>\n\n\n\n<div class=\"wp-block-columns is-layout-flex wp-container-core-columns-is-layout-28f84493 wp-block-columns-is-layout-flex\">\n<div class=\"wp-block-column is-layout-flow wp-block-column-is-layout-flow\">\n<figure class=\"wp-block-image aligncenter size-large is-resized --is-custom-photo\"><img loading=\"lazy\" decoding=\"async\" width=\"771\" height=\"1024\" src=\"https:\/\/www.fermedesaulnays.fr\/wp-content\/uploads\/2024\/09\/IMG_20240912_192649_HDR-771x1024.jpg\" alt=\"\" class=\"wp-image-273\" style=\"width:auto;height:400px\" srcset=\"https:\/\/www.fermedesaulnays.fr\/wp-content\/uploads\/2024\/09\/IMG_20240912_192649_HDR-771x1024.jpg 771w, https:\/\/www.fermedesaulnays.fr\/wp-content\/uploads\/2024\/09\/IMG_20240912_192649_HDR-226x300.jpg 226w, https:\/\/www.fermedesaulnays.fr\/wp-content\/uploads\/2024\/09\/IMG_20240912_192649_HDR-768x1020.jpg 768w, https:\/\/www.fermedesaulnays.fr\/wp-content\/uploads\/2024\/09\/IMG_20240912_192649_HDR-1157x1536.jpg 1157w, https:\/\/www.fermedesaulnays.fr\/wp-content\/uploads\/2024\/09\/IMG_20240912_192649_HDR-1542x2048.jpg 1542w, https:\/\/www.fermedesaulnays.fr\/wp-content\/uploads\/2024\/09\/IMG_20240912_192649_HDR-scaled.jpg 1928w\" sizes=\"auto, (max-width: 771px) 100vw, 771px\" \/><\/figure>\n<\/div>\n\n\n\n<div class=\"wp-block-column is-vertically-aligned-center is-layout-flow wp-block-column-is-layout-flow\">\n<p class=\"has-text-align-center has-large-font-size\">De plus nous avons un stand galettes et cr\u00eapes tenu par Yannig, ainsi que des planches de fromages pour ceux qui souhaitent rester un moment \u00e9couter les artistes ou discuter.<\/p>\n<\/div>\n<\/div>\n\n\n\n<hr class=\"wp-block-separator has-alpha-channel-opacity is-style-wide\"\/>\n\n\n\n<div class=\"wp-block-columns is-layout-flex wp-container-core-columns-is-layout-28f84493 wp-block-columns-is-layout-flex\">\n<div class=\"wp-block-column is-vertically-aligned-center is-layout-flow wp-block-column-is-layout-flow\">\n<p class=\"has-text-align-center has-large-font-size\">Et pour nous d\u00e9salt\u00e9rer, Ludovic et Justine de la brasserie <strong>Carabo<\/strong> \u00e0 St-Judoce ont leurs pressions et bouteilles du moment, ainsi que du sirop de Sabrina de l&rsquo;<strong>Envie des Champs<\/strong>.<\/p>\n<\/div>\n\n\n\n<div class=\"wp-block-column is-layout-flow wp-block-column-is-layout-flow\">\n<figure class=\"wp-block-image aligncenter size-large is-resized --is-custom-photo --tilt-right\"><img loading=\"lazy\" decoding=\"async\" width=\"1024\" height=\"771\" src=\"https:\/\/www.fermedesaulnays.fr\/wp-content\/uploads\/2024\/09\/IMG_20240912_191653_HDR-1024x771.jpg\" alt=\"\" class=\"wp-image-272\" style=\"width:auto;height:300px\" srcset=\"https:\/\/www.fermedesaulnays.fr\/wp-content\/uploads\/2024\/09\/IMG_20240912_191653_HDR-1024x771.jpg 1024w, https:\/\/www.fermedesaulnays.fr\/wp-content\/uploads\/2024\/09\/IMG_20240912_191653_HDR-300x226.jpg 300w, https:\/\/www.fermedesaulnays.fr\/wp-content\/uploads\/2024\/09\/IMG_20240912_191653_HDR-768x578.jpg 768w, https:\/\/www.fermedesaulnays.fr\/wp-content\/uploads\/2024\/09\/IMG_20240912_191653_HDR-1536x1157.jpg 1536w, https:\/\/www.fermedesaulnays.fr\/wp-content\/uploads\/2024\/09\/IMG_20240912_191653_HDR-2048x1542.jpg 2048w\" sizes=\"auto, (max-width: 1024px) 100vw, 1024px\" \/><\/figure>\n<\/div>\n<\/div>\n","protected":false},"excerpt":{"rendered":"<p>Le March\u00e9 paysan ouvre ses portes chaque ann\u00e9e pendant la belle saison.En vous rendant \u00e0 la ferme le jeudi soir, vous pourrez profiter des produits locaux, socialiser et profiter de l&rsquo;animation hebdomadaire. Seront pr\u00e9sents des producteurs locaux qui font le c\u0153ur du march\u00e9 : Dans les mara\u00eechers Eric et Katline alternent une semaine sur deux, [&hellip;]<\/p>\n","protected":false},"author":1,"featured_media":0,"parent":0,"menu_order":0,"comment_status":"closed","ping_status":"closed","template":"","meta":{"footnotes":""},"class_list":["post-182","page","type-page","status-publish","hentry"],"_links":{"self":[{"href":"https:\/\/www.fermedesaulnays.fr\/index.php\/wp-json\/wp\/v2\/pages\/182","targetHints":{"allow":["GET"]}}],"collection":[{"href":"https:\/\/www.fermedesaulnays.fr\/index.php\/wp-json\/wp\/v2\/pages"}],"about":[{"href":"https:\/\/www.fermedesaulnays.fr\/index.php\/wp-json\/wp\/v2\/types\/page"}],"author":[{"embeddable":true,"href":"https:\/\/www.fermedesaulnays.fr\/index.php\/wp-json\/wp\/v2\/users\/1"}],"replies":[{"embeddable":true,"href":"https:\/\/www.fermedesaulnays.fr\/index.php\/wp-json\/wp\/v2\/comments?post=182"}],"version-history":[{"count":8,"href":"https:\/\/www.fermedesaulnays.fr\/index.php\/wp-json\/wp\/v2\/pages\/182\/revisions"}],"predecessor-version":[{"id":319,"href":"https:\/\/www.fermedesaulnays.fr\/index.php\/wp-json\/wp\/v2\/pages\/182\/revisions\/319"}],"wp:attachment":[{"href":"https:\/\/www.fermedesaulnays.fr\/index.php\/wp-json\/wp\/v2\/media?parent=182"}],"curies":[{"name":"wp","href":"https:\/\/api.w.org\/{rel}","templated":true}]}}